{"id":244,"date":"2022-06-23T18:58:18","date_gmt":"2022-06-23T16:58:18","guid":{"rendered":"http:\/\/nonalajonctionest.info\/?page_id=244"},"modified":"2022-06-23T18:58:18","modified_gmt":"2022-06-23T16:58:18","slug":"nos-partenaires","status":"publish","type":"page","link":"https:\/\/nonalajonctionest.info\/index.php\/nos-partenaires\/","title":{"rendered":"Nos partenaires"},"content":{"rendered":"\n<p class=\"has-ast-global-color-0-color has-text-color\">France Nature Environnement nous propose son soutien pour mener une action juridique.<\/p>\n\n\n\n<figure class=\"wp-block-image size-full\"><a href=\"https:\/\/www.fne-midipyrenees.fr\/\" target=\"_blank\" rel=\"noreferrer noopener\"><img loading=\"lazy\" decoding=\"async\" width=\"295\" height=\"95\" src=\"http:\/\/nonalajonctionest.info\/wp-content\/uploads\/2022\/06\/image-5.png\" alt=\"\" class=\"wp-image-225\"\/><\/a><\/figure>\n\n\n\n<p id=\"activites\">FNE Midi-Pyr\u00e9n\u00e9es <strong>f\u00e9d\u00e8re le r\u00e9seau de ses membres associatifs et individuels<\/strong> et appuie leurs actions lorsqu\u2019ils en font la demande.<\/p>\n\n\n\n<p>L\u2019\u00e9quipe salari\u00e9e de FNE Midi-Pyr\u00e9n\u00e9es <strong>agit aussi au quotidien sur de nombreux projets<\/strong>, depuis l\u2019\u00e9ducation \u00e0 l\u2019environnement jusqu\u2019\u00e0 des <a href=\"https:\/\/www.fne-midipyrenees.fr\/actions-juridiques-2020\/\">actions en justice<\/a>, en passant par diverses mobilisations des nombreuses comp\u00e9tences et expertises pr\u00e9sentes au sein de son r\u00e9seau.<\/p>\n","protected":false},"excerpt":{"rendered":"<p>France Nature Environnement nous propose son soutien pour mener une action juridique. FNE Midi-Pyr\u00e9n\u00e9es f\u00e9d\u00e8re le r\u00e9seau de ses membres associatifs et individuels et appuie leurs actions lorsqu\u2019ils en font la demande. L\u2019\u00e9quipe salari\u00e9e de FNE Midi-Pyr\u00e9n\u00e9es agit aussi au quotidien sur de nombreux projets, depuis l\u2019\u00e9ducation \u00e0 l\u2019environnement jusqu\u2019\u00e0 des actions en justice, en &hellip;<\/p>\n<p class=\"read-more\"> <a class=\"\" href=\"https:\/\/nonalajonctionest.info\/index.php\/nos-partenaires\/\"> <span class=\"screen-reader-text\">Nos partenaires<\/span> Lire la suite\u00a0\u00bb<\/a><\/p>\n","protected":false},"author":2,"featured_media":0,"parent":0,"menu_order":0,"comment_status":"closed","ping_status":"closed","template":"","meta":{"site-sidebar-layout":"default","site-content-layout":"default","ast-global-header-display":"","ast-main-header-display":"","ast-hfb-above-header-display":"","ast-hfb-below-header-display":"","ast-hfb-mobile-header-display":"","site-post-title":"","ast-breadcrumbs-content":"","ast-featured-img":"","footer-sml-layout":"","theme-transparent-header-meta":"","adv-header-id-meta":"","stick-header-meta":"","header-above-stick-meta":"","header-main-stick-meta":"","header-below-stick-meta":"","footnotes":""},"class_list":["post-244","page","type-page","status-publish","hentry"],"_links":{"self":[{"href":"https:\/\/nonalajonctionest.info\/index.php\/wp-json\/wp\/v2\/pages\/244","targetHints":{"allow":["GET"]}}],"collection":[{"href":"https:\/\/nonalajonctionest.info\/index.php\/wp-json\/wp\/v2\/pages"}],"about":[{"href":"https:\/\/nonalajonctionest.info\/index.php\/wp-json\/wp\/v2\/types\/page"}],"author":[{"embeddable":true,"href":"https:\/\/nonalajonctionest.info\/index.php\/wp-json\/wp\/v2\/users\/2"}],"replies":[{"embeddable":true,"href":"https:\/\/nonalajonctionest.info\/index.php\/wp-json\/wp\/v2\/comments?post=244"}],"version-history":[{"count":1,"href":"https:\/\/nonalajonctionest.info\/index.php\/wp-json\/wp\/v2\/pages\/244\/revisions"}],"predecessor-version":[{"id":245,"href":"https:\/\/nonalajonctionest.info\/index.php\/wp-json\/wp\/v2\/pages\/244\/revisions\/245"}],"wp:attachment":[{"href":"https:\/\/nonalajonctionest.info\/index.php\/wp-json\/wp\/v2\/media?parent=244"}],"curies":[{"name":"wp","href":"https:\/\/api.w.org\/{rel}","templated":true}]}}